{"id":100,"date":"2015-09-20T16:46:46","date_gmt":"2015-09-20T14:46:46","guid":{"rendered":"http:\/\/www.menschen-in-bewegung.de\/?page_id=100"},"modified":"2026-03-09T20:38:39","modified_gmt":"2026-03-09T19:38:39","slug":"family-sport","status":"publish","type":"page","link":"https:\/\/www.menschen-in-bewegung.de\/index.php\/sportangebote\/eltern-kind-turnen\/family-sport\/","title":{"rendered":"Family Sport"},"content":{"rendered":"<p>Unser Angebot f\u00fcr Kinder von 1 bis 7 Jahren gemeinsam mit ihren Bezugspersonen und Geschwisterkindern.<\/p>\n<p>Der Name \u201eFamiliengruppe\u201c l\u00e4sst vielleicht schon darauf schlie\u00dfen, dass die ganze Familie bei uns willkommen ist. Zu Beginn der Sportstunde singen wir immer ein Begr\u00fc\u00dfungslied und tanzen danach zu ausgew\u00e4hlter Musik. Die Kids entscheiden dann, ob wir noch ein Spiel spielen oder direkt mit dem Turnen beginnen wollen. Darauf legen wir besonders viel Wert, damit die Kids das Gef\u00fchl von Dazugeh\u00f6rigkeit bekommen. Partizipation ist einer der Schwerpunkte unserer Gruppe. Im sportlichen Teil findet jedes Kind etwas zum Turnen, was seinem Alter entspricht. Vom Vorw\u00e4rtsrollenparcours bis zum Hochklettern an der Sprossenwand ist alles dabei. Beim Spielen und Turnen mit anderen lernen die Kids Kontakt- und Kooperationsbereitschaft, Toleranz und R\u00fccksichtnahme. Die Gr\u00f6\u00dferen helfen den Kleineren und bilden damit eine starke Gruppengemeinschaft. Wir bieten vielf\u00e4ltige und abwechslungsreiche Bewegungsm\u00f6glichkeiten f\u00fcr die Erweiterung der Bewegungserfahrung. Durch die Steigerung der grobmotorischen F\u00e4higkeit wird den Kids erm\u00f6glicht, sich gegen die Schwerkraft aufrecht zu erhalten und sich fortzubewegen. Durch die Grobmotorik trainieren die Kids beim Turnen die Koordination der Arme und Beine.<\/p>\n<h2>Mitgliedschaft<\/h2>\n<p>Wir laden jeden herzlich ein unsere Sportangebote unverbindlich auszuprobieren.<\/p>\n<p>F\u00fcr Mitglieder erheben wir einen monatlichen Vereinsbeitrag in H\u00f6he von 12,00 Euro, f\u00fcr Geschwisterkinder 8,00 Euro.<\/p>\n<p style=\"color: #d4383a;\">Bitte beachte unsere <a href=\"\/index.php\/infos-fuer-teilnehmer\/\" target=\"_self\" rel=\"noopener noreferrer\">Infos f\u00fcr Teilnehmer<\/a>.<\/p>\n<h2>Termine<\/h2>\n<div class=\"column-half first\"><\/p>\n<table>\n<tbody>\n<tr style=\"background-color: #c4ca72;\">\n<td><\/td>\n<td><b>Termin 1<\/b><\/td>\n<\/tr>\n<tr>\n<td><b>\u00dcbungsleitung<\/b><\/td>\n<td>Jessica Warsany<br \/>\n<a href=\"\/index.php\/unser-verein\/unser-team\/\" target=\"_self\" rel=\"noopener noreferrer\">&#8230;mehr Infos zum Team<\/a><\/td>\n<\/tr>\n<tr>\n<td><b>Zeit<\/b><\/td>\n<td>Montag 15:30 &#8211; 16:45 Uhr<\/td>\n<\/tr>\n<tr>\n<td><b>Ort<\/b><\/td>\n<td>Sporthalle der Franz-Claudius-Schule<br \/>\nFalkenburger Str. 94<br \/>\n23795 Bad Segeberg<\/td>\n<\/tr>\n<\/tbody>\n<\/table>\n<p><\/div>\n<div class=\"column-half second\"><\/p>\n<table>\n<tbody>\n<tr style=\"background-color: #c4ca72;\">\n<td><\/td>\n<td><b>Termin 2<\/b><\/td>\n<\/tr>\n<tr>\n<td><b>\u00dcbungsleitung<\/b><\/td>\n<td>Carolin Iden<br \/>\n<a href=\"\/index.php\/unser-verein\/unser-team\/\" target=\"_self\" rel=\"noopener noreferrer\">&#8230;mehr Infos zum Team<\/a><\/td>\n<\/tr>\n<tr>\n<td><b>Zeit<\/b><\/td>\n<td>Montag 16:45 &#8211; 18:00 Uhr<\/td>\n<\/tr>\n<tr>\n<td><b>Ort<\/b><\/td>\n<td>Sporthalle der Franz-Claudius-Schule<br \/>\nFalkenburger Str. 94<br \/>\n23795 Bad Segeberg<\/td>\n<\/tr>\n<\/tbody>\n<\/table>\n<p><\/div>\n<div class=\"column-half first\"><\/p>\n<table>\n<tbody>\n<tr style=\"background-color: #c4ca72;\">\n<td><\/td>\n<td><b>Termin 3<\/b><\/td>\n<\/tr>\n<tr>\n<td><b>\u00dcbungsleitung<\/b><\/td>\n<td>Swaantje Popp<br \/>\n<a href=\"\/index.php\/unser-verein\/unser-team\/\" target=\"_self\" rel=\"noopener noreferrer\">&#8230;mehr Infos zum Team<\/a><\/td>\n<\/tr>\n<tr>\n<td><b>Zeit<\/b><\/td>\n<td>Freitags 16:45 &#8211; 18:00 Uhr<\/td>\n<\/tr>\n<tr>\n<td><b>Ort<\/b><\/td>\n<td>Sporthalle der Trave-Schule<br \/>\nBurgfeldstra\u00dfe 104<br \/>\n23795 Bad Segeberg<\/td>\n<\/tr>\n<\/tbody>\n<\/table>\n<p><\/div>\n<div class=\"column-half second\"><\/p>\n<p><\/div>\n<h2>Orte<\/h2>\n<p>Sporthalle der Franz-Claudius-Schule<br \/>\nFalkenburger Str. 94<br \/>\n23795 Bad Segeberg<\/p>\n<p><iframe loading=\"lazy\" style=\"border: 0;\" src=\"https:\/\/www.google.com\/maps\/embed?pb=!1m18!1m12!1m3!1d2037.5456471234897!2d10.294251315439892!3d53.929463142567485!2m3!1f0!2f0!3f0!3m2!1i1024!2i768!4f13.1!3m3!1m2!1s0x47b23e3fa14f7c35%3A0xdea23a7248290979!2sFalkenburger+Str.+94%2C+23795+Bad+Segeberg!5e1!3m2!1sde!2sde!4v1452429097048\" width=\"1024\" height=\"450\" frameborder=\"0\" allowfullscreen=\"allowfullscreen\"><\/iframe><\/p>\n<p>Sporthalle der Trave-Schule<br \/>\nBurgfeldstra\u00dfe 104<br \/>\n23795 Bad Segeberg<\/p>\n<p><iframe loading=\"lazy\" style=\"border: 0;\" src=\"https:\/\/www.google.com\/maps\/embed?pb=!1m18!1m12!1m3!1d2960.8665583280444!2d10.290917141562606!3d53.92770662370238!2m3!1f0!2f0!3f0!3m2!1i1024!2i768!4f13.1!3m3!1m2!1s0x47b23e6aee92e89b%3A0x49894fafae63c70b!2sTrave-Schule!5e1!3m2!1sde!2sde!4v1507663042391\" width=\"1024\" height=\"450\" frameborder=\"0\" allowfullscreen=\"allowfullscreen\"><\/iframe><\/p>\n","protected":false},"excerpt":{"rendered":"<p>Unser Angebot f\u00fcr Kinder von 1 bis 7 Jahren gemeinsam mit ihren Bezugspersonen und Geschwisterkindern. Der Name \u201eFamiliengruppe\u201c l\u00e4sst vielleicht schon darauf schlie\u00dfen, dass die ganze Familie bei uns willkommen &#8230; <a class=\"read-more\" href=\"https:\/\/www.menschen-in-bewegung.de\/index.php\/sportangebote\/eltern-kind-turnen\/family-sport\/\"><b>Weiterlesen<\/b><\/a><\/p>\n","protected":false},"author":7,"featured_media":0,"parent":27,"menu_order":1,"comment_status":"closed","ping_status":"closed","template":"","meta":{"footnotes":""},"class_list":["post-100","page","type-page","status-publish"],"yoast_head":"<!-- This site is optimized with the Yoast SEO plugin v26.8 - https:\/\/yoast.com\/product\/yoast-seo-wordpress\/ -->\n<title>Family Sport - Menschen in Bewegung e.V.<\/title>\n<meta name=\"robots\" content=\"index, follow, max-snippet:-1, max-image-preview:large, max-video-preview:-1\" \/>\n<link rel=\"canonical\" href=\"https:\/\/www.menschen-in-bewegung.de\/index.php\/sportangebote\/eltern-kind-turnen\/family-sport\/\" \/>\n<meta property=\"og:locale\" content=\"de_DE\" \/>\n<meta property=\"og:type\" content=\"article\" \/>\n<meta property=\"og:title\" content=\"Family Sport - Menschen in Bewegung e.V.\" \/>\n<meta property=\"og:description\" content=\"Unser Angebot f\u00fcr Kinder von 1 bis 7 Jahren gemeinsam mit ihren Bezugspersonen und Geschwisterkindern. Der Name \u201eFamiliengruppe\u201c l\u00e4sst vielleicht schon darauf schlie\u00dfen, dass die ganze Familie bei uns willkommen ... Weiterlesen\" \/>\n<meta property=\"og:url\" content=\"https:\/\/www.menschen-in-bewegung.de\/index.php\/sportangebote\/eltern-kind-turnen\/family-sport\/\" \/>\n<meta property=\"og:site_name\" content=\"Menschen in Bewegung e.V.\" \/>\n<meta property=\"article:modified_time\" content=\"2026-03-09T19:38:39+00:00\" \/>\n<meta name=\"twitter:card\" content=\"summary_large_image\" \/>\n<meta name=\"twitter:label1\" content=\"Gesch\u00e4tzte Lesezeit\" \/>\n\t<meta name=\"twitter:data1\" content=\"2\u00a0Minuten\" \/>\n<script type=\"application\/ld+json\" class=\"yoast-schema-graph\">{\"@context\":\"https:\/\/schema.org\",\"@graph\":[{\"@type\":\"WebPage\",\"@id\":\"https:\/\/www.menschen-in-bewegung.de\/index.php\/sportangebote\/eltern-kind-turnen\/family-sport\/\",\"url\":\"https:\/\/www.menschen-in-bewegung.de\/index.php\/sportangebote\/eltern-kind-turnen\/family-sport\/\",\"name\":\"Family Sport - Menschen in Bewegung e.V.\",\"isPartOf\":{\"@id\":\"https:\/\/www.menschen-in-bewegung.de\/#website\"},\"datePublished\":\"2015-09-20T14:46:46+00:00\",\"dateModified\":\"2026-03-09T19:38:39+00:00\",\"breadcrumb\":{\"@id\":\"https:\/\/www.menschen-in-bewegung.de\/index.php\/sportangebote\/eltern-kind-turnen\/family-sport\/#breadcrumb\"},\"inLanguage\":\"de\",\"potentialAction\":[{\"@type\":\"ReadAction\",\"target\":[\"https:\/\/www.menschen-in-bewegung.de\/index.php\/sportangebote\/eltern-kind-turnen\/family-sport\/\"]}]},{\"@type\":\"BreadcrumbList\",\"@id\":\"https:\/\/www.menschen-in-bewegung.de\/index.php\/sportangebote\/eltern-kind-turnen\/family-sport\/#breadcrumb\",\"itemListElement\":[{\"@type\":\"ListItem\",\"position\":1,\"name\":\"Home\",\"item\":\"https:\/\/www.menschen-in-bewegung.de\/\"},{\"@type\":\"ListItem\",\"position\":2,\"name\":\"Sportangebote\",\"item\":\"https:\/\/www.menschen-in-bewegung.de\/index.php\/sportangebote\/\"},{\"@type\":\"ListItem\",\"position\":3,\"name\":\"Eltern-Kind Turnen\",\"item\":\"https:\/\/www.menschen-in-bewegung.de\/index.php\/sportangebote\/eltern-kind-turnen\/\"},{\"@type\":\"ListItem\",\"position\":4,\"name\":\"Family Sport\"}]},{\"@type\":\"WebSite\",\"@id\":\"https:\/\/www.menschen-in-bewegung.de\/#website\",\"url\":\"https:\/\/www.menschen-in-bewegung.de\/\",\"name\":\"Menschen in Bewegung e.V.\",\"description\":\"\",\"publisher\":{\"@id\":\"https:\/\/www.menschen-in-bewegung.de\/#organization\"},\"potentialAction\":[{\"@type\":\"SearchAction\",\"target\":{\"@type\":\"EntryPoint\",\"urlTemplate\":\"https:\/\/www.menschen-in-bewegung.de\/?s={search_term_string}\"},\"query-input\":{\"@type\":\"PropertyValueSpecification\",\"valueRequired\":true,\"valueName\":\"search_term_string\"}}],\"inLanguage\":\"de\"},{\"@type\":\"Organization\",\"@id\":\"https:\/\/www.menschen-in-bewegung.de\/#organization\",\"name\":\"Menschen in Bewegung e.V.\",\"url\":\"https:\/\/www.menschen-in-bewegung.de\/\",\"logo\":{\"@type\":\"ImageObject\",\"inLanguage\":\"de\",\"@id\":\"https:\/\/www.menschen-in-bewegung.de\/#\/schema\/logo\/image\/\",\"url\":\"https:\/\/www.menschen-in-bewegung.de\/wp-content\/uploads\/2015\/11\/logo_mebe_v2.png\",\"contentUrl\":\"https:\/\/www.menschen-in-bewegung.de\/wp-content\/uploads\/2015\/11\/logo_mebe_v2.png\",\"width\":500,\"height\":100,\"caption\":\"Menschen in Bewegung e.V.\"},\"image\":{\"@id\":\"https:\/\/www.menschen-in-bewegung.de\/#\/schema\/logo\/image\/\"}}]}<\/script>\n<!-- \/ Yoast SEO plugin. -->","yoast_head_json":{"title":"Family Sport - Menschen in Bewegung e.V.","robots":{"index":"index","follow":"follow","max-snippet":"max-snippet:-1","max-image-preview":"max-image-preview:large","max-video-preview":"max-video-preview:-1"},"canonical":"https:\/\/www.menschen-in-bewegung.de\/index.php\/sportangebote\/eltern-kind-turnen\/family-sport\/","og_locale":"de_DE","og_type":"article","og_title":"Family Sport - Menschen in Bewegung e.V.","og_description":"Unser Angebot f\u00fcr Kinder von 1 bis 7 Jahren gemeinsam mit ihren Bezugspersonen und Geschwisterkindern. Der Name \u201eFamiliengruppe\u201c l\u00e4sst vielleicht schon darauf schlie\u00dfen, dass die ganze Familie bei uns willkommen ... Weiterlesen","og_url":"https:\/\/www.menschen-in-bewegung.de\/index.php\/sportangebote\/eltern-kind-turnen\/family-sport\/","og_site_name":"Menschen in Bewegung e.V.","article_modified_time":"2026-03-09T19:38:39+00:00","twitter_card":"summary_large_image","twitter_misc":{"Gesch\u00e4tzte Lesezeit":"2\u00a0Minuten"},"schema":{"@context":"https:\/\/schema.org","@graph":[{"@type":"WebPage","@id":"https:\/\/www.menschen-in-bewegung.de\/index.php\/sportangebote\/eltern-kind-turnen\/family-sport\/","url":"https:\/\/www.menschen-in-bewegung.de\/index.php\/sportangebote\/eltern-kind-turnen\/family-sport\/","name":"Family Sport - Menschen in Bewegung e.V.","isPartOf":{"@id":"https:\/\/www.menschen-in-bewegung.de\/#website"},"datePublished":"2015-09-20T14:46:46+00:00","dateModified":"2026-03-09T19:38:39+00:00","breadcrumb":{"@id":"https:\/\/www.menschen-in-bewegung.de\/index.php\/sportangebote\/eltern-kind-turnen\/family-sport\/#breadcrumb"},"inLanguage":"de","potentialAction":[{"@type":"ReadAction","target":["https:\/\/www.menschen-in-bewegung.de\/index.php\/sportangebote\/eltern-kind-turnen\/family-sport\/"]}]},{"@type":"BreadcrumbList","@id":"https:\/\/www.menschen-in-bewegung.de\/index.php\/sportangebote\/eltern-kind-turnen\/family-sport\/#breadcrumb","itemListElement":[{"@type":"ListItem","position":1,"name":"Home","item":"https:\/\/www.menschen-in-bewegung.de\/"},{"@type":"ListItem","position":2,"name":"Sportangebote","item":"https:\/\/www.menschen-in-bewegung.de\/index.php\/sportangebote\/"},{"@type":"ListItem","position":3,"name":"Eltern-Kind Turnen","item":"https:\/\/www.menschen-in-bewegung.de\/index.php\/sportangebote\/eltern-kind-turnen\/"},{"@type":"ListItem","position":4,"name":"Family Sport"}]},{"@type":"WebSite","@id":"https:\/\/www.menschen-in-bewegung.de\/#website","url":"https:\/\/www.menschen-in-bewegung.de\/","name":"Menschen in Bewegung e.V.","description":"","publisher":{"@id":"https:\/\/www.menschen-in-bewegung.de\/#organization"},"potentialAction":[{"@type":"SearchAction","target":{"@type":"EntryPoint","urlTemplate":"https:\/\/www.menschen-in-bewegung.de\/?s={search_term_string}"},"query-input":{"@type":"PropertyValueSpecification","valueRequired":true,"valueName":"search_term_string"}}],"inLanguage":"de"},{"@type":"Organization","@id":"https:\/\/www.menschen-in-bewegung.de\/#organization","name":"Menschen in Bewegung e.V.","url":"https:\/\/www.menschen-in-bewegung.de\/","logo":{"@type":"ImageObject","inLanguage":"de","@id":"https:\/\/www.menschen-in-bewegung.de\/#\/schema\/logo\/image\/","url":"https:\/\/www.menschen-in-bewegung.de\/wp-content\/uploads\/2015\/11\/logo_mebe_v2.png","contentUrl":"https:\/\/www.menschen-in-bewegung.de\/wp-content\/uploads\/2015\/11\/logo_mebe_v2.png","width":500,"height":100,"caption":"Menschen in Bewegung e.V."},"image":{"@id":"https:\/\/www.menschen-in-bewegung.de\/#\/schema\/logo\/image\/"}}]}},"_links":{"self":[{"href":"https:\/\/www.menschen-in-bewegung.de\/index.php\/wp-json\/wp\/v2\/pages\/100","targetHints":{"allow":["GET"]}}],"collection":[{"href":"https:\/\/www.menschen-in-bewegung.de\/index.php\/wp-json\/wp\/v2\/pages"}],"about":[{"href":"https:\/\/www.menschen-in-bewegung.de\/index.php\/wp-json\/wp\/v2\/types\/page"}],"author":[{"embeddable":true,"href":"https:\/\/www.menschen-in-bewegung.de\/index.php\/wp-json\/wp\/v2\/users\/7"}],"replies":[{"embeddable":true,"href":"https:\/\/www.menschen-in-bewegung.de\/index.php\/wp-json\/wp\/v2\/comments?post=100"}],"version-history":[{"count":50,"href":"https:\/\/www.menschen-in-bewegung.de\/index.php\/wp-json\/wp\/v2\/pages\/100\/revisions"}],"predecessor-version":[{"id":1322,"href":"https:\/\/www.menschen-in-bewegung.de\/index.php\/wp-json\/wp\/v2\/pages\/100\/revisions\/1322"}],"up":[{"embeddable":true,"href":"https:\/\/www.menschen-in-bewegung.de\/index.php\/wp-json\/wp\/v2\/pages\/27"}],"wp:attachment":[{"href":"https:\/\/www.menschen-in-bewegung.de\/index.php\/wp-json\/wp\/v2\/media?parent=100"}],"curies":[{"name":"wp","href":"https:\/\/api.w.org\/{rel}","templated":true}]}}