{"id":374,"date":"2016-01-10T21:07:52","date_gmt":"2016-01-10T20:07:52","guid":{"rendered":"http:\/\/www.menschen-in-bewegung.de\/?page_id=374"},"modified":"2016-12-18T23:26:16","modified_gmt":"2016-12-18T22:26:16","slug":"auszeichnungen","status":"publish","type":"page","link":"https:\/\/www.menschen-in-bewegung.de\/index.php\/unser-verein\/auszeichnungen\/","title":{"rendered":"Auszeichnungen"},"content":{"rendered":"<h2>LSV-BARMER GEK-Breitensportpreis 2016<\/h2>\n<p><img loading=\"lazy\" decoding=\"async\" class=\"alignleft wp-image-865 size-medium\" src=\"http:\/\/www.menschen-in-bewegung.de\/wp-content\/uploads\/2016\/12\/image0-210x300.jpg\" alt=\" LSV-BARMER GEK-Breitensportpreis\" width=\"210\" height=\"300\" srcset=\"https:\/\/www.menschen-in-bewegung.de\/wp-content\/uploads\/2016\/12\/image0-210x300.jpg 210w, https:\/\/www.menschen-in-bewegung.de\/wp-content\/uploads\/2016\/12\/image0-768x1096.jpg 768w, https:\/\/www.menschen-in-bewegung.de\/wp-content\/uploads\/2016\/12\/image0-717x1024.jpg 717w\" sizes=\"auto, (max-width: 210px) 100vw, 210px\" \/><\/p>\n<div>In Kooperation mit seinem Partner, der BARMER GEK, schreibt der Landessport-verband bereits seit 1997 mit wechseln- den Themenschwerpunkten einen Breitensportpreis aus. Mit diesem LSV-BARMER GEK-Breitensportpreis wird j\u00e4hrlich die herausragende und innovative Arbeit der Vereine honoriert. Teilnahmeberechtigt sind alle Mitglieds- vereine des Landessportverbandes Schleswig-Holstein.<\/div>\n<h2>F\u00f6rderpreis \u201eKein Kind ohne Sport\u201c 2015<\/h2>\n<p><img loading=\"lazy\" decoding=\"async\" class=\"alignright size-full wp-image-783\" src=\"\/wp-content\/uploads\/2016\/01\/Logo_Kein-Kind-ohne-Sport_280_12.jpg\" alt=\"Logo Kein Kind ohne Sport\" width=\"280\" height=\"165\" \/><\/p>\n<p>Die Initiative \u201eKein Kind ohne Sport!\u201c ist eine von der Sportjugend Schleswig-Holstein im Landessportverband und ihren Mitgliedsorganisationen gestartete, landesweite Informations- und Vernetzungskampagne. Sie steht unter der Schirmherrschaft des Ministeriums f\u00fcr Inneres und Bundesangelegenheiten. Ziel ist es, Sportvereine zum Aufbau regionaler Initiativen zu motivieren und mehr Kindern und Jugendlichen den Zugang zu einem Sportverein zu erm\u00f6glichen.<\/p>\n<p>&#8222;&#8230; Die drei Vereine \u00fcberzeugten die Jury durch ihre herausragenden und erfolgreichen Angebote im Sport f\u00fcr alle Kinder unabh\u00e4ngig von Handicaps und sozialer oder kultureller Herkunft.&#8220;<\/p>\n<p>Hier geht es zum Artikel auf der Homepage der Sportjugend Schleswig Holstein.<\/p>\n<p><a href=\"http:\/\/www.sportjugend-sh.de\/index.php?id=16&amp;tx_ttnews%5Btt_news%5D=690&amp;cHash=412ef078c199481133e76be7a94ad986\" target=\"_blank\"><i class=\"fa fa-share\"><\/i> Link<\/a><\/p>\n<h2>Die \u201eSterne des Sports\u201c<\/h2>\n<p><img loading=\"lazy\" decoding=\"async\" src=\"\/wp-content\/uploads\/2016\/01\/header_sterne_des_sports2015.jpg\" alt=\"Sterne des Sports\" width=\"790\" height=\"170\" \/><\/p>\n<p>Die \u201eSterne des Sports\u201c sind ein von den Volksbanken Raiffeisenbanken und dem Deutschen Olympischen Sportbund ausgeschriebener Wettbewerb, welcher das ehrenamtliche Engagement in Sportvereinen belohnen soll.<\/p>\n<p class=\"underline\"><a href=\"http:\/\/www.sterne-des-sports.de\/\" target=\"_blank\"><i class=\"fa fa-share\"><\/i> Homepage Sterne des Sports<\/a><\/p>\n<ul>\n<li>\n<h3 style=\"margin-top: 20px;\">Preistr\u00e4ger 2011<\/h3>\n<p><b>Mix Kids<\/b><\/p>\n<p>&#8230; Dritter wurde der Verein Menschen in Bewegung aus Bad Segeberg mit seiner Ma\u00dfnahme \u201eMIX KIDS\u201c. In dieser neuen Sportgruppe bestimmen die Kinder selbst, was gemacht wird. Ziel war es, dass alle Kinder \u2013 egal ob mit oder ohne Behinderung \u2013 das Turnabzeichen schaffen k\u00f6nnen. Diese Idee belohnte die Landesjury mit 1.000 Euro.<\/p>\n<p class=\"underline\"><a href=\"http:\/\/www.dosb.de\/de\/start\/details\/news\/landessieg_fuer_den_tsv_westerlandsylt_von_1883_ev\/\" target=\"_blank\"><i class=\"fa fa-share\"><\/i> Quelle<\/a><\/p>\n<\/li>\n<li>\n<h3 style=\"margin-top: 20px;\">Preistr\u00e4ger 2008<\/h3>\n<p><b>\u201eADDler Camp\u201c<\/b><\/p>\n<p>Eingereicht von Menschen in Bewegung Bad Segeberg bei der Raiffeisenbank eG Leezen<\/p>\n<p>Das \u201eADDler Camp\u201c hat der Verein Menschen in Bewegung Bad Segeberg 2003 zum ersten Mal auf die Beine gestellt. Die Idee dahinter: Kinder, bei denen Aufmerksamkeits-Defizit-Hyperaktivit\u00e4ts-Syndrom (ADHS) oder Aufmerksamkeits-Defizit-Syndrom (ADS) diagnostiziert wurde, werden f\u00fcr zehn Tage in einem Feriencamp betreut. Geschulte Psychologen, \u00c4rzte, Lehrer und Betreuer vermitteln den Kindern ganz spielerisch neue Ans\u00e4tze zu Bewegung, Ern\u00e4hrung, Entspannung und Suchtverhalten.<\/p>\n<p>F\u00fcr das Camp stand ein Projekt der University of Canberra (Australien) Pate. Im Camp gelten klare Regeln: Haben sich die Kinder einmal f\u00fcr oder gegen etwas entschieden, bleibt es dabei. Au\u00dferdem verzichten sie w\u00e4hrend der zehn Tage auf ihre Medikamente, auch S\u00fc\u00dfigkeiten bleiben zu Hause. In der homogenen Gruppe, in der die hyperaktiven Kinder unter sich sind, l\u00e4uft alles etwas schneller ab. Hier f\u00fchlen sie sich nicht Abseits der Norm und nehmen die Erkenntnis mit nach Hause, nicht \u201efalsch\u201c zu sein. Das reduziert den Stress bei den Kindern erheblich. Bei dem Konzept werden auch die Eltern aktiv mit einbezogen und in einem speziellen Elterntraining geschult.<\/p>\n<p class=\"underline\"><a href=\"http:\/\/www.sterne-des-sports.de\/index.php?id=16343\" target=\"_blank\"><i class=\"fa fa-share\"><\/i> Quelle<\/a><\/p>\n<\/li>\n<\/ul>\n","protected":false},"excerpt":{"rendered":"<p>LSV-BARMER GEK-Breitensportpreis 2016 In Kooperation mit seinem Partner, der BARMER GEK, schreibt der Landessport-verband bereits seit 1997 mit wechseln- den Themenschwerpunkten einen Breitensportpreis aus. Mit diesem LSV-BARMER GEK-Breitensportpreis wird j\u00e4hrlich &#8230; <a class=\"read-more\" href=\"https:\/\/www.menschen-in-bewegung.de\/index.php\/unser-verein\/auszeichnungen\/\"><b>Weiterlesen<\/b><\/a><\/p>\n","protected":false},"author":7,"featured_media":0,"parent":20,"menu_order":4,"comment_status":"closed","ping_status":"closed","template":"","meta":{"footnotes":""},"class_list":["post-374","page","type-page","status-publish"],"yoast_head":"<!-- This site is optimized with the Yoast SEO plugin v26.8 - https:\/\/yoast.com\/product\/yoast-seo-wordpress\/ -->\n<title>Auszeichnungen - Menschen in Bewegung e.V.<\/title>\n<meta name=\"robots\" content=\"index, follow, max-snippet:-1, max-image-preview:large, max-video-preview:-1\" \/>\n<link rel=\"canonical\" href=\"https:\/\/www.menschen-in-bewegung.de\/index.php\/unser-verein\/auszeichnungen\/\" \/>\n<meta property=\"og:locale\" content=\"de_DE\" \/>\n<meta property=\"og:type\" content=\"article\" \/>\n<meta property=\"og:title\" content=\"Auszeichnungen - Menschen in Bewegung e.V.\" \/>\n<meta property=\"og:description\" content=\"LSV-BARMER GEK-Breitensportpreis 2016 In Kooperation mit seinem Partner, der BARMER GEK, schreibt der Landessport-verband bereits seit 1997 mit wechseln- den Themenschwerpunkten einen Breitensportpreis aus. Mit diesem LSV-BARMER GEK-Breitensportpreis wird j\u00e4hrlich ... Weiterlesen\" \/>\n<meta property=\"og:url\" content=\"https:\/\/www.menschen-in-bewegung.de\/index.php\/unser-verein\/auszeichnungen\/\" \/>\n<meta property=\"og:site_name\" content=\"Menschen in Bewegung e.V.\" \/>\n<meta property=\"article:modified_time\" content=\"2016-12-18T22:26:16+00:00\" \/>\n<meta property=\"og:image\" content=\"http:\/\/www.menschen-in-bewegung.de\/wp-content\/uploads\/2016\/12\/image0-210x300.jpg\" \/>\n<meta name=\"twitter:card\" content=\"summary_large_image\" \/>\n<meta name=\"twitter:label1\" content=\"Gesch\u00e4tzte Lesezeit\" \/>\n\t<meta name=\"twitter:data1\" content=\"2\u00a0Minuten\" \/>\n<script type=\"application\/ld+json\" class=\"yoast-schema-graph\">{\"@context\":\"https:\/\/schema.org\",\"@graph\":[{\"@type\":\"WebPage\",\"@id\":\"https:\/\/www.menschen-in-bewegung.de\/index.php\/unser-verein\/auszeichnungen\/\",\"url\":\"https:\/\/www.menschen-in-bewegung.de\/index.php\/unser-verein\/auszeichnungen\/\",\"name\":\"Auszeichnungen - Menschen in Bewegung e.V.\",\"isPartOf\":{\"@id\":\"https:\/\/www.menschen-in-bewegung.de\/#website\"},\"primaryImageOfPage\":{\"@id\":\"https:\/\/www.menschen-in-bewegung.de\/index.php\/unser-verein\/auszeichnungen\/#primaryimage\"},\"image\":{\"@id\":\"https:\/\/www.menschen-in-bewegung.de\/index.php\/unser-verein\/auszeichnungen\/#primaryimage\"},\"thumbnailUrl\":\"http:\/\/www.menschen-in-bewegung.de\/wp-content\/uploads\/2016\/12\/image0-210x300.jpg\",\"datePublished\":\"2016-01-10T20:07:52+00:00\",\"dateModified\":\"2016-12-18T22:26:16+00:00\",\"breadcrumb\":{\"@id\":\"https:\/\/www.menschen-in-bewegung.de\/index.php\/unser-verein\/auszeichnungen\/#breadcrumb\"},\"inLanguage\":\"de\",\"potentialAction\":[{\"@type\":\"ReadAction\",\"target\":[\"https:\/\/www.menschen-in-bewegung.de\/index.php\/unser-verein\/auszeichnungen\/\"]}]},{\"@type\":\"ImageObject\",\"inLanguage\":\"de\",\"@id\":\"https:\/\/www.menschen-in-bewegung.de\/index.php\/unser-verein\/auszeichnungen\/#primaryimage\",\"url\":\"http:\/\/www.menschen-in-bewegung.de\/wp-content\/uploads\/2016\/12\/image0-210x300.jpg\",\"contentUrl\":\"http:\/\/www.menschen-in-bewegung.de\/wp-content\/uploads\/2016\/12\/image0-210x300.jpg\"},{\"@type\":\"BreadcrumbList\",\"@id\":\"https:\/\/www.menschen-in-bewegung.de\/index.php\/unser-verein\/auszeichnungen\/#breadcrumb\",\"itemListElement\":[{\"@type\":\"ListItem\",\"position\":1,\"name\":\"Home\",\"item\":\"https:\/\/www.menschen-in-bewegung.de\/\"},{\"@type\":\"ListItem\",\"position\":2,\"name\":\"Unser Verein\",\"item\":\"https:\/\/www.menschen-in-bewegung.de\/index.php\/unser-verein\/\"},{\"@type\":\"ListItem\",\"position\":3,\"name\":\"Auszeichnungen\"}]},{\"@type\":\"WebSite\",\"@id\":\"https:\/\/www.menschen-in-bewegung.de\/#website\",\"url\":\"https:\/\/www.menschen-in-bewegung.de\/\",\"name\":\"Menschen in Bewegung e.V.\",\"description\":\"\",\"publisher\":{\"@id\":\"https:\/\/www.menschen-in-bewegung.de\/#organization\"},\"potentialAction\":[{\"@type\":\"SearchAction\",\"target\":{\"@type\":\"EntryPoint\",\"urlTemplate\":\"https:\/\/www.menschen-in-bewegung.de\/?s={search_term_string}\"},\"query-input\":{\"@type\":\"PropertyValueSpecification\",\"valueRequired\":true,\"valueName\":\"search_term_string\"}}],\"inLanguage\":\"de\"},{\"@type\":\"Organization\",\"@id\":\"https:\/\/www.menschen-in-bewegung.de\/#organization\",\"name\":\"Menschen in Bewegung e.V.\",\"url\":\"https:\/\/www.menschen-in-bewegung.de\/\",\"logo\":{\"@type\":\"ImageObject\",\"inLanguage\":\"de\",\"@id\":\"https:\/\/www.menschen-in-bewegung.de\/#\/schema\/logo\/image\/\",\"url\":\"https:\/\/www.menschen-in-bewegung.de\/wp-content\/uploads\/2015\/11\/logo_mebe_v2.png\",\"contentUrl\":\"https:\/\/www.menschen-in-bewegung.de\/wp-content\/uploads\/2015\/11\/logo_mebe_v2.png\",\"width\":500,\"height\":100,\"caption\":\"Menschen in Bewegung e.V.\"},\"image\":{\"@id\":\"https:\/\/www.menschen-in-bewegung.de\/#\/schema\/logo\/image\/\"}}]}<\/script>\n<!-- \/ Yoast SEO plugin. -->","yoast_head_json":{"title":"Auszeichnungen - Menschen in Bewegung e.V.","robots":{"index":"index","follow":"follow","max-snippet":"max-snippet:-1","max-image-preview":"max-image-preview:large","max-video-preview":"max-video-preview:-1"},"canonical":"https:\/\/www.menschen-in-bewegung.de\/index.php\/unser-verein\/auszeichnungen\/","og_locale":"de_DE","og_type":"article","og_title":"Auszeichnungen - Menschen in Bewegung e.V.","og_description":"LSV-BARMER GEK-Breitensportpreis 2016 In Kooperation mit seinem Partner, der BARMER GEK, schreibt der Landessport-verband bereits seit 1997 mit wechseln- den Themenschwerpunkten einen Breitensportpreis aus. Mit diesem LSV-BARMER GEK-Breitensportpreis wird j\u00e4hrlich ... Weiterlesen","og_url":"https:\/\/www.menschen-in-bewegung.de\/index.php\/unser-verein\/auszeichnungen\/","og_site_name":"Menschen in Bewegung e.V.","article_modified_time":"2016-12-18T22:26:16+00:00","og_image":[{"url":"http:\/\/www.menschen-in-bewegung.de\/wp-content\/uploads\/2016\/12\/image0-210x300.jpg","type":"","width":"","height":""}],"twitter_card":"summary_large_image","twitter_misc":{"Gesch\u00e4tzte Lesezeit":"2\u00a0Minuten"},"schema":{"@context":"https:\/\/schema.org","@graph":[{"@type":"WebPage","@id":"https:\/\/www.menschen-in-bewegung.de\/index.php\/unser-verein\/auszeichnungen\/","url":"https:\/\/www.menschen-in-bewegung.de\/index.php\/unser-verein\/auszeichnungen\/","name":"Auszeichnungen - Menschen in Bewegung e.V.","isPartOf":{"@id":"https:\/\/www.menschen-in-bewegung.de\/#website"},"primaryImageOfPage":{"@id":"https:\/\/www.menschen-in-bewegung.de\/index.php\/unser-verein\/auszeichnungen\/#primaryimage"},"image":{"@id":"https:\/\/www.menschen-in-bewegung.de\/index.php\/unser-verein\/auszeichnungen\/#primaryimage"},"thumbnailUrl":"http:\/\/www.menschen-in-bewegung.de\/wp-content\/uploads\/2016\/12\/image0-210x300.jpg","datePublished":"2016-01-10T20:07:52+00:00","dateModified":"2016-12-18T22:26:16+00:00","breadcrumb":{"@id":"https:\/\/www.menschen-in-bewegung.de\/index.php\/unser-verein\/auszeichnungen\/#breadcrumb"},"inLanguage":"de","potentialAction":[{"@type":"ReadAction","target":["https:\/\/www.menschen-in-bewegung.de\/index.php\/unser-verein\/auszeichnungen\/"]}]},{"@type":"ImageObject","inLanguage":"de","@id":"https:\/\/www.menschen-in-bewegung.de\/index.php\/unser-verein\/auszeichnungen\/#primaryimage","url":"http:\/\/www.menschen-in-bewegung.de\/wp-content\/uploads\/2016\/12\/image0-210x300.jpg","contentUrl":"http:\/\/www.menschen-in-bewegung.de\/wp-content\/uploads\/2016\/12\/image0-210x300.jpg"},{"@type":"BreadcrumbList","@id":"https:\/\/www.menschen-in-bewegung.de\/index.php\/unser-verein\/auszeichnungen\/#breadcrumb","itemListElement":[{"@type":"ListItem","position":1,"name":"Home","item":"https:\/\/www.menschen-in-bewegung.de\/"},{"@type":"ListItem","position":2,"name":"Unser Verein","item":"https:\/\/www.menschen-in-bewegung.de\/index.php\/unser-verein\/"},{"@type":"ListItem","position":3,"name":"Auszeichnungen"}]},{"@type":"WebSite","@id":"https:\/\/www.menschen-in-bewegung.de\/#website","url":"https:\/\/www.menschen-in-bewegung.de\/","name":"Menschen in Bewegung e.V.","description":"","publisher":{"@id":"https:\/\/www.menschen-in-bewegung.de\/#organization"},"potentialAction":[{"@type":"SearchAction","target":{"@type":"EntryPoint","urlTemplate":"https:\/\/www.menschen-in-bewegung.de\/?s={search_term_string}"},"query-input":{"@type":"PropertyValueSpecification","valueRequired":true,"valueName":"search_term_string"}}],"inLanguage":"de"},{"@type":"Organization","@id":"https:\/\/www.menschen-in-bewegung.de\/#organization","name":"Menschen in Bewegung e.V.","url":"https:\/\/www.menschen-in-bewegung.de\/","logo":{"@type":"ImageObject","inLanguage":"de","@id":"https:\/\/www.menschen-in-bewegung.de\/#\/schema\/logo\/image\/","url":"https:\/\/www.menschen-in-bewegung.de\/wp-content\/uploads\/2015\/11\/logo_mebe_v2.png","contentUrl":"https:\/\/www.menschen-in-bewegung.de\/wp-content\/uploads\/2015\/11\/logo_mebe_v2.png","width":500,"height":100,"caption":"Menschen in Bewegung e.V."},"image":{"@id":"https:\/\/www.menschen-in-bewegung.de\/#\/schema\/logo\/image\/"}}]}},"_links":{"self":[{"href":"https:\/\/www.menschen-in-bewegung.de\/index.php\/wp-json\/wp\/v2\/pages\/374","targetHints":{"allow":["GET"]}}],"collection":[{"href":"https:\/\/www.menschen-in-bewegung.de\/index.php\/wp-json\/wp\/v2\/pages"}],"about":[{"href":"https:\/\/www.menschen-in-bewegung.de\/index.php\/wp-json\/wp\/v2\/types\/page"}],"author":[{"embeddable":true,"href":"https:\/\/www.menschen-in-bewegung.de\/index.php\/wp-json\/wp\/v2\/users\/7"}],"replies":[{"embeddable":true,"href":"https:\/\/www.menschen-in-bewegung.de\/index.php\/wp-json\/wp\/v2\/comments?post=374"}],"version-history":[{"count":31,"href":"https:\/\/www.menschen-in-bewegung.de\/index.php\/wp-json\/wp\/v2\/pages\/374\/revisions"}],"predecessor-version":[{"id":868,"href":"https:\/\/www.menschen-in-bewegung.de\/index.php\/wp-json\/wp\/v2\/pages\/374\/revisions\/868"}],"up":[{"embeddable":true,"href":"https:\/\/www.menschen-in-bewegung.de\/index.php\/wp-json\/wp\/v2\/pages\/20"}],"wp:attachment":[{"href":"https:\/\/www.menschen-in-bewegung.de\/index.php\/wp-json\/wp\/v2\/media?parent=374"}],"curies":[{"name":"wp","href":"https:\/\/api.w.org\/{rel}","templated":true}]}}