{"id":41,"date":"2015-08-12T23:48:19","date_gmt":"2015-08-12T21:48:19","guid":{"rendered":"http:\/\/www.menschen-in-bewegung.de\/?page_id=41"},"modified":"2020-02-03T20:34:49","modified_gmt":"2020-02-03T19:34:49","slug":"impressum","status":"publish","type":"page","link":"https:\/\/www.menschen-in-bewegung.de\/index.php\/impressum\/","title":{"rendered":"Impressum"},"content":{"rendered":"<p>Die Verantwortlichkeit f\u00fcr die Website obliegt<\/p>\n<p><strong>Menschen in Bewegung Bad Segeberg e.V.<\/strong><\/p>\n<p>Kreissportverband Segeberg e.V.<br \/>\n<span style=\"line-height: 1.5;\">An der Trave 1<br \/>\n<\/span><span style=\"line-height: 1.5;\">23795 Bad Segeberg<\/span><\/p>\n<p>Tel. 0152 &#8211; 53967312<br \/>\nE-Mail: <a href=\"mailto:schriftkram@menschen-in-bewegung.de\">schriftkram@menschen-in-bewegung.de<\/a><\/p>\n<p>Redaktionell verantwortlich:<br \/>\nMathias Kaiser (1. Vorsitzender)<br \/>\nSwaantje Popp (2. Vorsitzende)<\/p>\n<p>Menschen in Bewegung Bad Segeberg e.V. ist im Vereinsregister des Amtsgerichtes Kiel unter der Vereinsregister-Nr. 503 VR 850 SE eingetragen.<\/p>\n<h2>Rechtliche Hinweise<\/h2>\n<h3>Allgemeine Nutzungsbedingungen<\/h3>\n<p>Der Zugang zu und die Nutzung dieses Internetauftrittes unterliegen den folgenden Bestimmungen. Falls Sie mit diesen nicht einverstanden sind, bitten wir Sie diese Webseite nicht zu benutzen.<\/p>\n<h3>Inhalt des Onlineangebots<\/h3>\n<p>Menschen in Bewegung Bad Segeberg e.V. ist als Internetanbieter f\u00fcr die eigenen Inhalte, die er zur Nutzung bereitstellt, nach den allgemeinen Gesetzen verantwortlich. Menschen in Bewegung Bad Segeberg e.V. \u00fcbernimmt jedoch keine Gew\u00e4hr f\u00fcr die Aktualit\u00e4t, Korrektheit, Vollst\u00e4ndigkeit oder Qualit\u00e4t der bereitgestellten Informationen.<\/p>\n<p>Haftungsanspr\u00fcche gegen Menschen in Bewegung Bad Segeberg e.V., welche sich auf Sch\u00e4den materieller und ideeller Art beziehen, die durch die Nutzung oder Nichtnutzung der dargebotenen Informationen verursacht wurden, sind grunds\u00e4tzlich ausgeschlossen, sofern seitens Menschen in Bewegung Bad Segeberg e.V. kein nachweislich vors\u00e4tzliches oder grob fahrl\u00e4ssiges Verschulden vorliegt. Menschen in Bewegung Bad Segeberg e.V. behalten es sich vor, Teile der Seiten oder das gesamte Angebot ohne gesonderte Ank\u00fcndigung zu ver\u00e4ndern, zu erg\u00e4nzen, zu l\u00f6schen oder die Ver\u00f6ffentlichung zeitweise und endg\u00fcltig einzustellen.<\/p>\n<h3>Verweise \/ Links<\/h3>\n<p>Menschen in Bewegung Bad Segeberg e.V. stellt auf seiner Internetpr\u00e4senz Verweise zu anderen Websites her, die von Dritten gepflegt werden. Die auf diesen Websites angebotenen Inhalte stammen nicht von Menschen in Bewegung Bad Segeberg e.V. und spiegeln nicht deren Meinung wieder. Menschen in Bewegung Bad Segeberg e.V. betont ausdr\u00fccklich, dass er keinerlei Einfluss auf die Gestaltung und die Inhalte der von ihr gelinkten Seiten hat. Deshalb distanziert er sich hiermit ausdr\u00fccklich von allen Inhalten aller verlinkten Seiten, auf die von ihrer Homepage aus verlinkt wird und macht sich deren Inhalte nicht zu eigen. Dies gilt insbesondere f\u00fcr den Fall, dass der User durch die Nutzung des Menschen in Bewegung Bad Segeberg e.V.Website-Angebots auf Inhalte fremder Anbieter sto\u00dfen k\u00f6nnte, die dieser als anst\u00f6\u00dfig oder unangemessen empfinden k\u00f6nnte.<\/p>\n<p>Menschen in Bewegung Bad Segeberg e.V. \u00fcbernimmt demgem\u00e4\u00df keinerlei Haftung f\u00fcr die Inhalte der Seiten auf die von den eigenen Internetseiten des Menschen in Bewegung Bad Segeberg e.V. aus verwiesen wird. Er \u00fcbernimmt auch keine Verantwortung f\u00fcr den Inhalt, die Richtigkeit und Rechtm\u00e4\u00dfigkeit sowie die Form einzelner &#8211; auch von Dritten &#8211; eingestellten Inhalten. Er erkl\u00e4rt ausdr\u00fccklich, dass zum Zeitpunkt der Linksetzung die entsprechenden verlinkten Seiten frei von illegalen Inhalten waren. Er hat keinerlei Einfluss auf die aktuelle und zuk\u00fcnftige Gestaltung und auf die Inhalte der gelinkten\/verlinkten Seiten.<\/p>\n<p>Die vorstehend genannten Einschr\u00e4nkungen und Haftungsausschl\u00fcsse gelten f\u00fcr alle innerhalb des eigenen Internetangebots gesetzten Links und Verweise.<\/p>\n<h3>Urheber- und Kennzeichenrecht<\/h3>\n<p>Das Angebot auf dieser Website wird von dem Menschen in Bewegung e.V. bereitgestellt und \u00fcberwacht.<\/p>\n<p>Alle Daten, Informationen und das Material dieser Seite, Bildzeichen\/Bilder, Illustrationen, Audio- und Videoclips, Prospekte sind durch Urheberrechte, Warenzeichen und andere Rechte bez\u00fcglich geistigen Eigentums, die von dem Menschen in Bewegung Bad Segeberg e.V. oder anderen Parteien gehalten\/kontrolliert werden und f\u00fcr die dem Menschen in Bewegung e.V. Lizenzen erteilt wurden, gesch\u00fctzt. Dieses Material\/diese Daten d\u00fcrfen weder kopiert, vervielf\u00e4ltigt, neu ver\u00f6ffentlicht, heraufgeladen (uploaded), versendet, \u00fcbertragen oder in sonstiger Weise, einschlie\u00dflich E-Mail und anderen elektronischen Mitteln verteilt werden. Ohne die vorherige Zustimmung des Menschen in Bewegung e.V. ist die \u00c4nderung der Daten, Informationen und des Materials, deren Nutzung auf anderen Websites oder auf durch Netzwerk verbundene Computerumgebungen sowie deren Nutzung f\u00fcr andere als pers\u00f6nliche, nichtgewerbliche Zwecke ein Versto\u00df gegen Urheberrechte, Warenzeichen und anderen Eigentumsrechte und somit verboten. Zivil- und strafrechtliche Verfolgung bei Verst\u00f6\u00dfen gegen die Urheberrechte behalten wir uns vor.<\/p>\n<h3>Rechtswirksamkeit dieses Haftungsausschlusses<\/h3>\n<p>Dieser Haftungsausschluss ist als Teil des Internetangebots zu betrachten, von dem aus auf diese Seite verwiesen wurde. Sofern Teile oder einzelne Formulierungen dieses Textes der geltenden Rechtslage nicht mehr oder nicht vollst\u00e4ndig entsprechen sollten, bleiben die \u00fcbrigen Teile des Dokuments in ihrem Inhalt und in ihrer G\u00fcltigkeit davon unber\u00fchrt .<\/p>\n","protected":false},"excerpt":{"rendered":"<p>Die Verantwortlichkeit f\u00fcr die Website obliegt Menschen in Bewegung Bad Segeberg e.V. Kreissportverband Segeberg e.V. An der Trave 1 23795 Bad Segeberg Tel. 0152 &#8211; 53967312 E-Mail: schriftkram@menschen-in-bewegung.de Redaktionell verantwortlich: &#8230; <a class=\"read-more\" href=\"https:\/\/www.menschen-in-bewegung.de\/index.php\/impressum\/\"><b>Weiterlesen<\/b><\/a><\/p>\n","protected":false},"author":7,"featured_media":0,"parent":0,"menu_order":0,"comment_status":"closed","ping_status":"closed","template":"","meta":{"footnotes":""},"class_list":["post-41","page","type-page","status-publish"],"yoast_head":"<!-- This site is optimized with the Yoast SEO plugin v26.8 - https:\/\/yoast.com\/product\/yoast-seo-wordpress\/ -->\n<title>Impressum - Menschen in Bewegung e.V.<\/title>\n<meta name=\"robots\" content=\"index, follow, max-snippet:-1, max-image-preview:large, max-video-preview:-1\" \/>\n<link rel=\"canonical\" href=\"https:\/\/www.menschen-in-bewegung.de\/index.php\/impressum\/\" \/>\n<meta property=\"og:locale\" content=\"de_DE\" \/>\n<meta property=\"og:type\" content=\"article\" \/>\n<meta property=\"og:title\" content=\"Impressum - Menschen in Bewegung e.V.\" \/>\n<meta property=\"og:description\" content=\"Die Verantwortlichkeit f\u00fcr die Website obliegt Menschen in Bewegung Bad Segeberg e.V. Kreissportverband Segeberg e.V. An der Trave 1 23795 Bad Segeberg Tel. 0152 &#8211; 53967312 E-Mail: schriftkram@menschen-in-bewegung.de Redaktionell verantwortlich: ... Weiterlesen\" \/>\n<meta property=\"og:url\" content=\"https:\/\/www.menschen-in-bewegung.de\/index.php\/impressum\/\" \/>\n<meta property=\"og:site_name\" content=\"Menschen in Bewegung e.V.\" \/>\n<meta property=\"article:modified_time\" content=\"2020-02-03T19:34:49+00:00\" \/>\n<meta name=\"twitter:card\" content=\"summary_large_image\" \/>\n<meta name=\"twitter:label1\" content=\"Gesch\u00e4tzte Lesezeit\" \/>\n\t<meta name=\"twitter:data1\" content=\"4\u00a0Minuten\" \/>\n<script type=\"application\/ld+json\" class=\"yoast-schema-graph\">{\"@context\":\"https:\/\/schema.org\",\"@graph\":[{\"@type\":\"WebPage\",\"@id\":\"https:\/\/www.menschen-in-bewegung.de\/index.php\/impressum\/\",\"url\":\"https:\/\/www.menschen-in-bewegung.de\/index.php\/impressum\/\",\"name\":\"Impressum - Menschen in Bewegung e.V.\",\"isPartOf\":{\"@id\":\"https:\/\/www.menschen-in-bewegung.de\/#website\"},\"datePublished\":\"2015-08-12T21:48:19+00:00\",\"dateModified\":\"2020-02-03T19:34:49+00:00\",\"breadcrumb\":{\"@id\":\"https:\/\/www.menschen-in-bewegung.de\/index.php\/impressum\/#breadcrumb\"},\"inLanguage\":\"de\",\"potentialAction\":[{\"@type\":\"ReadAction\",\"target\":[\"https:\/\/www.menschen-in-bewegung.de\/index.php\/impressum\/\"]}]},{\"@type\":\"BreadcrumbList\",\"@id\":\"https:\/\/www.menschen-in-bewegung.de\/index.php\/impressum\/#breadcrumb\",\"itemListElement\":[{\"@type\":\"ListItem\",\"position\":1,\"name\":\"Home\",\"item\":\"https:\/\/www.menschen-in-bewegung.de\/\"},{\"@type\":\"ListItem\",\"position\":2,\"name\":\"Impressum\"}]},{\"@type\":\"WebSite\",\"@id\":\"https:\/\/www.menschen-in-bewegung.de\/#website\",\"url\":\"https:\/\/www.menschen-in-bewegung.de\/\",\"name\":\"Menschen in Bewegung e.V.\",\"description\":\"\",\"publisher\":{\"@id\":\"https:\/\/www.menschen-in-bewegung.de\/#organization\"},\"potentialAction\":[{\"@type\":\"SearchAction\",\"target\":{\"@type\":\"EntryPoint\",\"urlTemplate\":\"https:\/\/www.menschen-in-bewegung.de\/?s={search_term_string}\"},\"query-input\":{\"@type\":\"PropertyValueSpecification\",\"valueRequired\":true,\"valueName\":\"search_term_string\"}}],\"inLanguage\":\"de\"},{\"@type\":\"Organization\",\"@id\":\"https:\/\/www.menschen-in-bewegung.de\/#organization\",\"name\":\"Menschen in Bewegung e.V.\",\"url\":\"https:\/\/www.menschen-in-bewegung.de\/\",\"logo\":{\"@type\":\"ImageObject\",\"inLanguage\":\"de\",\"@id\":\"https:\/\/www.menschen-in-bewegung.de\/#\/schema\/logo\/image\/\",\"url\":\"https:\/\/www.menschen-in-bewegung.de\/wp-content\/uploads\/2015\/11\/logo_mebe_v2.png\",\"contentUrl\":\"https:\/\/www.menschen-in-bewegung.de\/wp-content\/uploads\/2015\/11\/logo_mebe_v2.png\",\"width\":500,\"height\":100,\"caption\":\"Menschen in Bewegung e.V.\"},\"image\":{\"@id\":\"https:\/\/www.menschen-in-bewegung.de\/#\/schema\/logo\/image\/\"}}]}<\/script>\n<!-- \/ Yoast SEO plugin. -->","yoast_head_json":{"title":"Impressum - Menschen in Bewegung e.V.","robots":{"index":"index","follow":"follow","max-snippet":"max-snippet:-1","max-image-preview":"max-image-preview:large","max-video-preview":"max-video-preview:-1"},"canonical":"https:\/\/www.menschen-in-bewegung.de\/index.php\/impressum\/","og_locale":"de_DE","og_type":"article","og_title":"Impressum - Menschen in Bewegung e.V.","og_description":"Die Verantwortlichkeit f\u00fcr die Website obliegt Menschen in Bewegung Bad Segeberg e.V. Kreissportverband Segeberg e.V. An der Trave 1 23795 Bad Segeberg Tel. 0152 &#8211; 53967312 E-Mail: schriftkram@menschen-in-bewegung.de Redaktionell verantwortlich: ... Weiterlesen","og_url":"https:\/\/www.menschen-in-bewegung.de\/index.php\/impressum\/","og_site_name":"Menschen in Bewegung e.V.","article_modified_time":"2020-02-03T19:34:49+00:00","twitter_card":"summary_large_image","twitter_misc":{"Gesch\u00e4tzte Lesezeit":"4\u00a0Minuten"},"schema":{"@context":"https:\/\/schema.org","@graph":[{"@type":"WebPage","@id":"https:\/\/www.menschen-in-bewegung.de\/index.php\/impressum\/","url":"https:\/\/www.menschen-in-bewegung.de\/index.php\/impressum\/","name":"Impressum - Menschen in Bewegung e.V.","isPartOf":{"@id":"https:\/\/www.menschen-in-bewegung.de\/#website"},"datePublished":"2015-08-12T21:48:19+00:00","dateModified":"2020-02-03T19:34:49+00:00","breadcrumb":{"@id":"https:\/\/www.menschen-in-bewegung.de\/index.php\/impressum\/#breadcrumb"},"inLanguage":"de","potentialAction":[{"@type":"ReadAction","target":["https:\/\/www.menschen-in-bewegung.de\/index.php\/impressum\/"]}]},{"@type":"BreadcrumbList","@id":"https:\/\/www.menschen-in-bewegung.de\/index.php\/impressum\/#breadcrumb","itemListElement":[{"@type":"ListItem","position":1,"name":"Home","item":"https:\/\/www.menschen-in-bewegung.de\/"},{"@type":"ListItem","position":2,"name":"Impressum"}]},{"@type":"WebSite","@id":"https:\/\/www.menschen-in-bewegung.de\/#website","url":"https:\/\/www.menschen-in-bewegung.de\/","name":"Menschen in Bewegung e.V.","description":"","publisher":{"@id":"https:\/\/www.menschen-in-bewegung.de\/#organization"},"potentialAction":[{"@type":"SearchAction","target":{"@type":"EntryPoint","urlTemplate":"https:\/\/www.menschen-in-bewegung.de\/?s={search_term_string}"},"query-input":{"@type":"PropertyValueSpecification","valueRequired":true,"valueName":"search_term_string"}}],"inLanguage":"de"},{"@type":"Organization","@id":"https:\/\/www.menschen-in-bewegung.de\/#organization","name":"Menschen in Bewegung e.V.","url":"https:\/\/www.menschen-in-bewegung.de\/","logo":{"@type":"ImageObject","inLanguage":"de","@id":"https:\/\/www.menschen-in-bewegung.de\/#\/schema\/logo\/image\/","url":"https:\/\/www.menschen-in-bewegung.de\/wp-content\/uploads\/2015\/11\/logo_mebe_v2.png","contentUrl":"https:\/\/www.menschen-in-bewegung.de\/wp-content\/uploads\/2015\/11\/logo_mebe_v2.png","width":500,"height":100,"caption":"Menschen in Bewegung e.V."},"image":{"@id":"https:\/\/www.menschen-in-bewegung.de\/#\/schema\/logo\/image\/"}}]}},"_links":{"self":[{"href":"https:\/\/www.menschen-in-bewegung.de\/index.php\/wp-json\/wp\/v2\/pages\/41","targetHints":{"allow":["GET"]}}],"collection":[{"href":"https:\/\/www.menschen-in-bewegung.de\/index.php\/wp-json\/wp\/v2\/pages"}],"about":[{"href":"https:\/\/www.menschen-in-bewegung.de\/index.php\/wp-json\/wp\/v2\/types\/page"}],"author":[{"embeddable":true,"href":"https:\/\/www.menschen-in-bewegung.de\/index.php\/wp-json\/wp\/v2\/users\/7"}],"replies":[{"embeddable":true,"href":"https:\/\/www.menschen-in-bewegung.de\/index.php\/wp-json\/wp\/v2\/comments?post=41"}],"version-history":[{"count":8,"href":"https:\/\/www.menschen-in-bewegung.de\/index.php\/wp-json\/wp\/v2\/pages\/41\/revisions"}],"predecessor-version":[{"id":1038,"href":"https:\/\/www.menschen-in-bewegung.de\/index.php\/wp-json\/wp\/v2\/pages\/41\/revisions\/1038"}],"wp:attachment":[{"href":"https:\/\/www.menschen-in-bewegung.de\/index.php\/wp-json\/wp\/v2\/media?parent=41"}],"curies":[{"name":"wp","href":"https:\/\/api.w.org\/{rel}","templated":true}]}}